{"id":18,"date":"2015-02-13T07:23:47","date_gmt":"2015-02-13T07:23:47","guid":{"rendered":"http:\/\/leavicens.com\/index_.php\/?page_id=18"},"modified":"2020-11-13T13:08:28","modified_gmt":"2020-11-13T12:08:28","slug":"biografia","status":"publish","type":"page","link":"https:\/\/leavicens.com\/fr_FR\/biografia\/","title":{"rendered":"Biographie"},"content":{"rendered":"<p><img loading=\"lazy\" class=\"alignleft size-full wp-image-74\" src=\"http:\/\/leavicens.com\/wp-content\/uploads\/2015\/02\/biografia.png\" alt=\"biografia\" width=\"280\" height=\"400\" \/><\/p>\n<p>D\u00e8s l\u2019\u00e2ge de 4 ans, L\u00e9a met le pied \u00e0 l\u2019\u00e9trier. Vingt-trois ans plus tard, elle fait irruption dans le monde du rejoneo, apportant une touche personnelle \u00e0 ce bel art \u00e9questre. N\u00e9e dans une famille de cavaliers \u00e0 N\u00eemes, aux portes de la Camargue, dans une r\u00e9gion o\u00f9 les traditions \u00e9questres et taurines sont omnipr\u00e9sentes, L\u00e9a grandit parmi les chevaux, toros et gardians.<\/p>\n<p>C\u2019est sur son cheval camarguais qu\u2019elle participe \u00e0 des concours de travail et de dressage \u00e0 l\u2019issue desquels elle remporte de nombreux troph\u00e9es. Son moniteur se rendra compte rapidement de ses dons : \u00ab Elle sait comme d\u2019instinct. Le Cheval, elle le respire \u00bb.<\/p>\n<p>Ses efforts et son sens de l\u2019observation m\u00eal\u00e9s \u00e0 une forte intuition et une immense sensibilit\u00e9 l\u2019emm\u00e8neront \u00e0 toujours repousser ses limites et \u00e0 acqu\u00e9rir une vraie comp\u00e9tence dans l\u2019art du dressage. Une s\u00e9rie de rencontres la rapprochent du monde du toro bravo et de l\u2019\u00e9quitation torera: une d\u2019entre elles donnera un tournant d\u00e9cisif au destin de L\u00e9a : le seigneur de cet art, le centaure, le po\u00e8te de la Marisma, D. Angel Peralta.<\/p>\n<p>Les ann\u00e9es d\u2019exp\u00e9rience et de triomphes du maestro lui permettront de d\u00e9celer rapidement le talent de la jeune fran\u00e7aise. Il lui propose alors, de fa\u00e7on spontan\u00e9e, de rejoindre ses installations et d\u2019int\u00e9grer son \u00e9quipe de dresseurs au rancho El Rocio \u00e0 la Puebla del R\u00edo (SEVILLE), o\u00fa paissent ses toros bravos et ses chevaux \u00ab cartujanos \u00bb.<\/p>\n<p>D. Angel Peralta, le pr\u00e9curseur, le r\u00e9novateur du rejoneo actuel\u2026 croit en L\u00e9a et va faire d\u2019elle sa disciple, l\u2019 h\u00e9riti\u00e8re spirituelle de cet art, que durant des d\u00e9cennies, gr\u00e2ce \u00e0 son talent, sa passion et son travail ininterrompu, il n\u2019a cess\u00e9 d\u2019affiner et de perfectionner!<\/p>\n<p>Son dipl\u00f4me de biologiste en poche, L\u00e9a devient andalouse. C\u2019est sous le regard critique et bienveillant de son mentor que pendant quatre ans, \u00e0 raison de 10 heures par jour, la jeune fran\u00e7aise dresse ses propres chevaux, parfait sa tauromachie, forge son style, conforte sa personnalit\u00e9 au contact des vaches et des toros, tout en continuant \u00e0 travailler les chevaux de l\u2019\u00e9levage des fr\u00e8res Peralta .<\/p>\n<p>Quatre ans de sacrifices et de travail acharn\u00e9, pour enfin en octobre 2010, r\u00e9colter la r\u00e9compense tant attendueet conna\u00eetre les premi\u00e8res \u00e9motions de la pr\u00e9sentation en public.<\/p>\n<p>Les d\u00e9s sont lanc\u00e9s, et L\u00e9a Vicens devient officiellement Torera \u00e0 Cheval. Apr\u00e8s une premi\u00e8re saison de rodage, elle accomplit une saison 2012 des plus prometteuses (27 corridas, 60 oreilles et 10 queues.), faisant l\u2019unanimit\u00e9 des professionnels et de la presse sp\u00e9cialis\u00e9e, qui remarquent et ne tarissent pas d\u2019\u00e9loges sur l\u2019\u00e9quitation, la toreria et l\u2019\u00e9l\u00e9gance de cette jeune fran\u00e7aise.<\/p>\n","protected":false},"excerpt":{"rendered":"<p><img loading=\"lazy\" class=\"alignleft size-full wp-image-74\" src=\"http:\/\/leavicens.com\/wp-content\/uploads\/2015\/02\/biografia.png\" alt=\"biografia\" width=\"280\" height=\"400\" \/><\/p>\n<p>D\u00e8s l\u2019\u00e2ge de 4 ans, L\u00e9a met le pied \u00e0 l\u2019\u00e9trier. Vingt-trois ans plus tard, elle fait&#8230;<\/p>\n","protected":false},"author":5,"featured_media":11477,"parent":0,"menu_order":0,"comment_status":"open","ping_status":"open","template":"","meta":[],"_links":{"self":[{"href":"https:\/\/leavicens.com\/fr_FR\/wp-json\/wp\/v2\/pages\/18"}],"collection":[{"href":"https:\/\/leavicens.com\/fr_FR\/wp-json\/wp\/v2\/pages"}],"about":[{"href":"https:\/\/leavicens.com\/fr_FR\/wp-json\/wp\/v2\/types\/page"}],"author":[{"embeddable":true,"href":"https:\/\/leavicens.com\/fr_FR\/wp-json\/wp\/v2\/users\/5"}],"replies":[{"embeddable":true,"href":"https:\/\/leavicens.com\/fr_FR\/wp-json\/wp\/v2\/comments?post=18"}],"version-history":[{"count":29,"href":"https:\/\/leavicens.com\/fr_FR\/wp-json\/wp\/v2\/pages\/18\/revisions"}],"predecessor-version":[{"id":13995,"href":"https:\/\/leavicens.com\/fr_FR\/wp-json\/wp\/v2\/pages\/18\/revisions\/13995"}],"wp:featuredmedia":[{"embeddable":true,"href":"https:\/\/leavicens.com\/fr_FR\/wp-json\/wp\/v2\/media\/11477"}],"wp:attachment":[{"href":"https:\/\/leavicens.com\/fr_FR\/wp-json\/wp\/v2\/media?parent=18"}],"curies":[{"name":"wp","href":"https:\/\/api.w.org\/{rel}","templated":true}]}}